{"entities":{"Q429926":{"pageid":399095,"ns":120,"title":"Item:Q429926","lastrevid":1035538,"modified":"2025-04-14T22:03:24Z","type":"item","id":"Q429926","labels":{"hu":{"language":"hu","value":"Szenved\u00e9llyel \u00e9s tragikummal teli k\u00f6nyv. V\u00e1logat\u00e1s B\u00e1n Zs\u00f3fia Amikor m\u00e9g csak az \u00e1llatok \u00e9ltek c\u00edm\u0171 k\u00f6tet\u00e9nek n\u00e9met nyelv\u0171 recenzi\u00f3ib\u00f3l"},"en":{"language":"en","value":"Szenved\u00e9llyel \u00e9s tragikummal teli k\u00f6nyv. V\u00e1logat\u00e1s B\u00e1n Zs\u00f3fia Amikor m\u00e9g csak az \u00e1llatok \u00e9ltek c\u00edm\u0171 k\u00f6tet\u00e9nek n\u00e9met nyelv\u0171 recenzi\u00f3ib\u00f3l"}},"descriptions":{"hu":{"language":"hu","value":"Kov\u00e1cs Edit, sz\u00f6vegkiad\u00e1s, \u00c9let \u00e9s Irodalom, 2015"}},"aliases":{},"claims":{"P1":[{"mainsnak":{"snaktype":"value","property":"P1","datavalue":{"value":{"entity-type":"item","numeric-id":24,"id":"Q24"},"type":"wikibase-entityid"},"datatype":"wikibase-item"},"type":"statement","id":"Q429926$9B57DBAD-AB22-47DC-A987-065021E217C8","rank":"normal"}],"P17":[{"mainsnak":{"snaktype":"value","property":"P17","datavalue":{"value":{"entity-type":"item","numeric-id":2138,"id":"Q2138"},"type":"wikibase-entityid"},"datatype":"wikibase-item"},"type":"statement","id":"Q429926$DDE671BB-ABB8-4283-9839-BF9F3A6ED486","rank":"normal"}],"P192":[{"mainsnak":{"snaktype":"value","property":"P192","datavalue":{"value":{"entity-type":"item","numeric-id":110483,"id":"Q110483"},"type":"wikibase-entityid"},"datatype":"wikibase-item"},"type":"statement","id":"Q429926$F37364C3-07DB-4E11-AFE3-0BEE4687C1D5","rank":"normal"}],"P225":[{"mainsnak":{"snaktype":"value","property":"P225","datavalue":{"value":"mib2013Kov\u00e1cs 2015b","type":"string"},"datatype":"string"},"type":"statement","id":"Q429926$0319C2D1-F281-4AA8-9EBB-94C4BF81AC73","rank":"normal"}],"P37":[{"mainsnak":{"snaktype":"value","property":"P37","datavalue":{"value":"Kov\u00e1cs Edit","type":"string"},"datatype":"string"},"type":"statement","id":"Q429926$F77B6292-A739-4A12-A6D9-D71C82B35B6B","rank":"normal"}],"P41":[{"mainsnak":{"snaktype":"value","property":"P41","datavalue":{"value":{"entity-type":"item","numeric-id":242357,"id":"Q242357"},"type":"wikibase-entityid"},"datatype":"wikibase-item"},"type":"statement","id":"Q429926$B7C8C583-69C8-4D52-8201-3E4CB0B22BD1","rank":"normal"}],"P44":[{"mainsnak":{"snaktype":"value","property":"P44","datavalue":{"value":{"entity-type":"item","numeric-id":23987,"id":"Q23987"},"type":"wikibase-entityid"},"datatype":"wikibase-item"},"type":"statement","id":"Q429926$14087D66-380D-41AF-BB42-57D0CFF84F4F","rank":"normal"}],"P45":[{"mainsnak":{"snaktype":"value","property":"P45","datavalue":{"value":"59","type":"string"},"datatype":"string"},"type":"statement","id":"Q429926$4AE4A805-6D07-403F-B7DE-AAED80D4B7EF","rank":"normal"}],"P46":[{"mainsnak":{"snaktype":"value","property":"P46","datavalue":{"value":"21","type":"string"},"datatype":"string"},"type":"statement","id":"Q429926$E2D0AEA3-10EC-425A-8244-FB0E8B554B5D","rank":"normal"}],"P49":[{"mainsnak":{"snaktype":"value","property":"P49","datavalue":{"value":"21","type":"string"},"datatype":"string"},"type":"statement","id":"Q429926$EF735AD9-006B-4323-9847-F999F2E6D40E","rank":"normal"}],"P57":[{"mainsnak":{"snaktype":"value","property":"P57","datavalue":{"value":{"time":"+2015-00-00T00:00:00Z","timezone":0,"before":0,"after":0,"precision":9,"calendarmodel":"http://www.wikidata.org/entity/Q1985727"},"type":"time"},"datatype":"time"},"type":"statement","id":"Q429926$0ABECF94-9BC5-442C-99DE-387CC657528A","rank":"normal"}],"P18":[{"mainsnak":{"snaktype":"value","property":"P18","datavalue":{"value":{"text":"Zs\u00f3fia B\u00e1n: Als nur die Tiere lebten. Ford\u00edtotta Ter\u00e9zia Mora. Berlin, Suhrkamp Verlag, 2014, 206 l. J\u00f6rg Plath: A pillanat ereje. Deutschlandradio Kultur, 2014. \u00e1prilis 10.; Christopher Heil: A m\u00falt fot\u00f3albuma. Literaturkritik.de, 2014. m\u00e1jus, 5. sz\u00e1m; Maria-Xenia Hardt: Mily erotikus is a r\u00f6ntgen! Frankfurter Allgemeine Zeitung, 2014. m\u00e1jus 22.; Lothar M\u00fcller: A vil\u00e1goskamr\u00e1ban. S\u00fcddeutsche Zeitung, 2014. j\u00fanius 3.; Nicole Henneberg: Legtov\u00e1bb a h\u00fas eml\u00e9kezik. Der Tagesspiegel, 2014. j\u00fanius 3.; J\u00f6rg Plath: \u00d6sszeoml\u00e1s h\u00f3viharral. Neue Z\u00fcrcher Zeitung, 2014. j\u00fanius 26.; Bernadette Conrad recenzi\u00f3ja. Wiener Zeitung, 2014. szeptember 7.; Lerke von Salfeld recenzi\u00f3ja az SWR2 Buchkritik c\u00edm\u0171 m\u0171sor\u00e1ban, 2014. szeptember 10.; Sieglinde Geisel: Semmi sem az, aminek l\u00e1tszik. Neue Z\u00fcrcher Zeitung am Sonntag, 2014. okt\u00f3ber 19. V\u00e1logatta \u00e9s ford\u00edtotta: Kov\u00e1cs Edit.","language":"en"},"type":"monolingualtext"},"datatype":"monolingualtext"},"type":"statement","id":"Q429926$59D57FE6-CCB8-499E-95C2-5C595C52961D","rank":"normal"}]},"sitelinks":{}}}}