{"entities":{"Q391580":{"pageid":366791,"ns":120,"title":"Item:Q391580","lastrevid":686541,"modified":"2024-01-13T13:25:10Z","type":"item","id":"Q391580","labels":{"hu":{"language":"hu","value":"A magyar irodalmi kritika a szabads\u00e1gharcig"},"en":{"language":"en","value":"A magyar irodalmi kritika a szabads\u00e1gharcig"}},"descriptions":{"hu":{"language":"hu","value":"Cs\u00e1sz\u00e1r Elem\u00e9r, 1925"}},"aliases":{},"claims":{"P1":[{"mainsnak":{"snaktype":"value","property":"P1","datavalue":{"value":{"entity-type":"item","numeric-id":24104,"id":"Q24104"},"type":"wikibase-entityid"},"datatype":"wikibase-item"},"type":"statement","id":"Q391580$B4E210C1-403C-45F9-81E3-8B61B593CDD0","rank":"normal"}],"P17":[{"mainsnak":{"snaktype":"value","property":"P17","datavalue":{"value":{"entity-type":"item","numeric-id":2138,"id":"Q2138"},"type":"wikibase-entityid"},"datatype":"wikibase-item"},"type":"statement","id":"Q391580$005BB91D-3F4F-49B4-963D-715FB70A7C92","rank":"normal"}],"P18":[{"mainsnak":{"snaktype":"value","property":"P18","datavalue":{"value":{"text":"\u2013 Ism.: [Gragger R\u00f3bert] Gr.,BpSz 1924. 195. k\u00f6t. 238\u2013240. \u2013 D\u00f3czy Jen\u0151, Ms\u00e1g 1925. 122. sz. \u2013 Fr\u00fcchtl Ede, NU 1925. 79. sz. \u2013 Gy\u00f6rgy Lajos, Pt\u0171z 1925. 337\u2013338. \u2013 Hartman J\u00e1nos, EPhk 1925. 127\u2013130.-Tolnai Vilmos, ProtSz 1925. 417\u2013419. \u2013 Voinovich G\u00e9za, \u00dajNemz 1925. 94. sz. \u2013 Zlinszky Alad\u00e1r, Napk 1925. II. 63\u201366. \u2013 \u00dajId 1925. 21. sz. 508\u2013509. \u2013 Alszeghy Zsolt, It 1926. 16\u201323. \u2013 B\u00e1nhegyi J\u00f3b, MKult 1926. 52\u201353. \u2013 [Mariay \u00d6d\u00f6n] [Myn.], Sz\u00f3zat 1926. 17. sz.","language":"hu"},"type":"monolingualtext"},"datatype":"monolingualtext"},"type":"statement","id":"Q391580$35B8394E-F528-46AE-A577-A276DB1E53D8","rank":"normal"}],"P225":[{"mainsnak":{"snaktype":"value","property":"P225","datavalue":{"value":"mib02K\u00f6nyv 1925c","type":"string"},"datatype":"string"},"type":"statement","id":"Q391580$D4E7597B-C142-4981-83BA-15E2C0E6DB12","rank":"normal"}],"P226":[{"mainsnak":{"snaktype":"value","property":"P226","datavalue":{"value":"I. \u00c1ltal\u00e1nos r\u00e9sz/3. Az irodalmi m\u0171fajok, kifejez\u0151eszk\u00f6z\u00f6k elm\u00e9lete \u00e9s t\u00f6rt\u00e9nete/Az irodalmi kifejez\u0151eszk\u00f6z\u00f6k elm\u00e9lete \u00e9s t\u00f6rt\u00e9nete/Kritika/\u00d6sszefoglal\u00f3 munk\u00e1k","type":"string"},"datatype":"string"},"type":"statement","id":"Q391580$331D9774-2B4B-45C3-905D-9882526E0DE0","rank":"normal"}],"P37":[{"mainsnak":{"snaktype":"value","property":"P37","datavalue":{"value":"Cs\u00e1sz\u00e1r Elem\u00e9r","type":"string"},"datatype":"string"},"type":"statement","id":"Q391580$9268E739-BCBA-4C38-AC25-AB5CF39A5BFE","rank":"normal"}],"P57":[{"mainsnak":{"snaktype":"value","property":"P57","datavalue":{"value":{"time":"+1925-00-00T00:00:00Z","timezone":0,"before":0,"after":0,"precision":9,"calendarmodel":"http://www.wikidata.org/entity/Q1985727"},"type":"time"},"datatype":"time"},"type":"statement","id":"Q391580$D1103944-5A52-4B37-A2D1-CAC936A22BE0","rank":"normal"}]},"sitelinks":{}}}}